{"id":1662,"date":"2018-01-22T20:18:55","date_gmt":"2018-01-22T19:18:55","guid":{"rendered":"http:\/\/www.micheleguilloteau.fr\/?page_id=1662"},"modified":"2023-06-03T15:55:20","modified_gmt":"2023-06-03T13:55:20","slug":"blog","status":"publish","type":"page","link":"https:\/\/www.micheleguilloteau.fr\/en\/blog\/","title":{"rendered":"BLOG"},"content":{"rendered":"<style type=\"text\/css\">\n\t\/**\n\t * Table of Contents\n\t *\n\t * 1.0 - Pagination\n\t * 2.0 - Social Media Icon\n\t * 3.0 - Default Blog Template\n\t * 4.0 - Classical Template\n\t * 5.0 - Light Breeze Template\n\t * 6.0 - Spektrum Template\n\t * 7.0 - Evolution Template\n\t * 8.0 - Timeline Template\n\t * 9.0 - News Template\n\t * 10.0 - Sallet Template\n\t * 11.0 - Media Grid Template\n\t * 12.0 - Crayon Slider Template\n\t * 13.0 - Blog-Carousel Template\n\t * 14.0 - Blog-Grid-Box Template\n\t * 15.0 - Ticker Template\n\t *\n\t *\/\n\t\/**\n\t * 1.0 - Pagination\n\t *\/\n\t.bdp-load-more a.button.bdp-load-more-btn {\n\t\tbackground-color: #ffffff;\t\tcolor: #dd3333;\t\tfont-size:26px;\t}\n\t.bd_pagination_box.wl_pagination_box .paging-navigation ul.page-numbers li a.page-numbers:hover,\n\t.bd_pagination_box.wl_pagination_box .paging-navigation ul.page-numbers li > span.current {\n\t\tbackground-color: #ffffff;\t\tcolor: #dd3333;\t\tfont-size:26px;\t}\n\t.bd_pagination_box.wl_pagination_box .paging-navigation ul.page-numbers li a.page-numbers {\n\t\tbackground-color: #dd3333;\t\tcolor: #ffffff;\t\tfont-size:26px;\t}\n\t.bd_pagination_box.wl_pagination_box .paging-navigation ul.page-numbers li a.page-numbers.dots {\n\t\tfont-size:26px !important;\t}\n\t\/**\n\t * 2.0 - Social Media Icon\n\t *\/    \n\t.blog_template .social-component a {\n\t\tborder-radius: 100%;\t}\n\t\/**\n\t * Post Title Setting\n\t *\/\n\t.bdp_blog_template .blog_header h2 a span,\n    .bdp_blog_template .bd-blog-header h2 a span,\n\t.glossary .blog_header h2 a span,\n\t.bdp_blog_template.media-grid .blog_header h2 a span,\n\t.bdp_blog_template.timeline .desc h3 a span,\n\t.blog_template.blog-grid-box h2.post_title a span{\n\t\t\t\t\t\t\t\tword-break : normal;\n\t\t\t\t\t\n\t}\n\n\t\/**\n\t * 3.0 - Default Blog Template\n\t *\/\n\t\t\t\/* .bdp_blog_template.nicy .blog_header h2, *\/\n\t\t.blog_template.sallet_slider h2,\n\t\t.blog_template.crayon_slider .blog_header h2,\n\t\t.glossary .blog_header h2,\n\t\t.bdp_blog_template .bd-blog-header h2 {        \n\t\t\tbackground: #ffffff\t\t}\n\t\t.blog_template .bd-more-tag-inline {\n\t\tcolor: #dd3333 !important;\t\tfont-size:26px;\t}\n\t\t\t.bdp_blog_template .blog_header h2 a,\n\t\t.bdp_blog_template .bd-blog-header h2 a,\n\t\t.bdp_blog_template .bd_ad_container h4 {\n\t\t\tcolor: #666666 !important;\t\t\tfont-size: 37px;\t\t\tbackground-color: #ffffff !important;\n\t\t}\n\t\t.bdp_blog_template .blog_header h2,\n\t\t.bdp_blog_template .bd-blog-header h2,\n\t\t.blog_template .bd_ad_container h4 {\n\t\t\tfont-size: 37px;\t\t}\n\t\t.post_content-inner p,\n\t.bd-post-content {\n\t\tcolor:#000000;\t\tfont-size:26px;\t}\n\t.bdp_blog_template .bd-metacats,\n\t.bd-tags,\n\tspan.bd-category-link,\n\t.bdp_blog_template .author,\n\t.bdp_blog_template .date,\n\t.bdp_blog_template .bd-categories,\n\t.bdp_blog_template.evolution .bd-categories a,\n\t.bdp_blog_template .bd-categories a,\n\t.bd-meta-data-box .bd-metacats,\n\t.bd-meta-data-box .bd-metacomments,\n\t.bd-meta-data-box .bd-metacomments span,\n\t.bdp_blog_template .date i, .bdp_blog_template .author i, .bdp_blog_template .comment i,\n\t.bd-tags a,\n\tspan.bd-category-link a,\n\t.bd-metadatabox p,\n\tspan .bd-link-label,\n\t.bdp_blog_template .blog_footer span,\n\t.bd-metacomments i,\n\t.date_wrap i,\n\t.bdp_blog_template a,\n\t.bdp_blog_template .post_content,\n\t.bd-categories i,\n\t.bdp_blog_template.spektrum .post-bottom .post-by,\n\t.bdp_blog_template.spektrum .post-bottom .bd-tags,\n\t.bd-metadatabox,\n\t.bdp_blog_template.news .bd-blog-header .bd-metadatabox a,\n\t.bdp_blog_template.news .post-content-div .post_cat_tag > span i,\n\t.bdp_blog_template .bd-meta-data-box .bd-metadate, .bdp_blog_template .bd-meta-data-box .bd-metauser, .bdp_blog_template .bd-meta-data-box .bd-metacats,\n\t.bd-meta-data-box .bd-metacats a,\n\t.bd-meta-data-box .bd-metacomments a,\n\t.bdp_blog_template.box-template .bd-tags,\n\t.bdp_blog_template .datetime,\n\t.bdp_blog_template .link-lable,\n\t.bdp_blog_template .post-date\n\t.bdp_blog_template .bd_ad_container p, .blog_template .bd_ad_container, .bdp_blog_template .post-date, .bdp_blog_template .post-comment span {\n\t\tfont-size:26px;\t}\n\t.bdp_blog_template .date,\n\t.bdp_blog_template .comment,\n\t.bdp_blog_template .author .bd-icon-author,\n\t.bdp_blog_template .author,\n\t.bdp_blog_template.news .post-content-div .post_cat_tag > span i ,\n\t.bdp_blog_template .post-by,\n\t.bdp_blog_template .bd-categories i,\n\t.bdp_blog_template .bd-metacats i,\n\t.bdp_blog_template .category-link i,\n\t.bdp_blog_template .bd-tags i,\n\t.bdp_blog_template .bd-metacomments,\n\t.bdp_blog_template .date_wrap i,\n\t.bdp_blog_template .post-date,\n\t.bdp_blog_template .link-lable,\n\t.bdp_blog_template .datetime,\n\t.bdp_blog_template.glossary .post-author span,\n\t.bdp_blog_template .post_content-inner p,\n\t.bdp_blog_template .post_content,\n\t.bdp_blog_template .tags i {\n\t\tcolor:#000000;\t}\n\t.bdp_blog_template .bd-meta-data-box {\n\t\tcolor:#000000;\t}\n\t\t\t.bd-metadatabox {\n\t\t\tcolor:#000000;\t\t}\n\t\t.bd-link-label {\n\t\tcolor:#000000;\t}\n\t.bdp_blog_template a.bd-more-tag {\n\t\tbackground-color: #ffffff!important;\t\tcolor: #dd3333!important;\t}\n\t\t\t.bdp_blog_template a.bd-more-tag:hover {\n\t\t\tbackground-color: #dd3333!important;\t\t\tcolor: #ffffff!important;\t\t}\n\t\t.bdp_blog_template i {\n\t\tfont-style: normal !important;\n\t}\n\t\t\t.bd-tags,\n\t\tspan.bd-category-link,\n\t\t.bdp_blog_template .bd-categories,\n\t\t.bd-meta-data-box .bd-metacats,\n\t\t.bd-meta-data-box .bd-metacats a,\n\t\t.bd-meta-data-box .bd-metacomments a,\n\t\t.bdp_blog_template .bd-categories a,\n\t\t.bd-post-content a,\n\t\t.bd-tags a,\n\t\tspan.bd-category-link a,\n\t\t.bdp_blog_template .tags,\n\t\t.bdp_blog_template a {\n\t\t\tcolor:#2a97ea !important;\n\t\t\tfont-weight: normal !important;\n\t\t}\n\t\t\t\t.bd-meta-data-box .bd-metacats a:hover,\n\t\t.bd-meta-data-box .bd-metacomments a:hover,\n\t\t.bdp_blog_template .bd-categories a:hover,\n\t\t.spektrum .post-bottom .bd-categories a:hover,\n\t\t.bd-post-content a:hover,\n\t\t.bd-tags a:hover,\n\t\tspan.bd-category-link a:hover,\n\t\t.bdp_blog_template a:hover,\n\t\t.bd-post-content a:hover {\n\t\t\tcolor:#dd3333 !important;\n\t\t}\n\t\t\t\t.bdp_blog_template.evolution,\n\t\t.bdp_blog_template.lightbreeze {\n\t\t\tbackground: #ffffff;\n\t\t}\n\t\t\t\t\/**\n\t * 4.0 - Classical Template\n\t *\/\n\t.bdp_blog_template.classical .bd-blog-header .bd-tags {\n\t\tcolor: #2a97ea;\t}\n\t\/**\n\t * 5.0 - Light Breeze Template\n\t *\/\n\t\/**\n\t * 6.0 - Spektrum Template\n\t *\/\n\t.bdp_blog_template.spektrum .bd-blog-header {\n\t\tbackground:#ffffff;\t}\n\t\t\t.spektrum .date {\n\t\t\tbackground-color: #666666;\n\t\t}\n\t\t\t\t.spektrum .post-bottom .bd-categories a {\n\t\t\tcolor: #2a97ea;\n\t\t}\n\t\t\t\t.spektrum .details a {\n\t\t\tcolor :#dd3333 !important;\n\t\t\tfont-size:26px;\t\t}\n\t\t\t\t.spektrum .details a:hover {\n\t\t\tcolor :#ffffff;\n\t\t}\n\t\t\/**\n\t * 7.0 - Evolution Template\n\t *\/\n\t\/**\n\t * 8.0 - Timeline Template\n\t *\/\n\t.timeline_bg_wrap:before {\n\t\tbackground: none repeat scroll 0 0 #ffffff;\n\t}\n\t.bd-datetime, .timeline_year span.year_wrap {\n\t\tbackground: none repeat scroll 0 0 #ffffff;\n\t}\n\t.bdp_blog_template.timeline .post_hentry > p > i {\n\t\tbackground: #ffffff;\t}\n\t.bdp_blog_template.timeline:nth-child(2n+1) .post_content_wrap:before,\n\t.bdp_blog_template.timeline:nth-child(2n+1) .post_content_wrap:after {\n\t\tborder-left: 8px solid #ffffff;\n\t}\n\t.rtl .bdp_blog_template.timeline:nth-child(2n+1) .post_content_wrap:before,\n\t.rtl .bdp_blog_template.timeline:nth-child(2n+1) .post_content_wrap:after {\n\t\tborder-right: 8px solid #ffffff;\n\t}\n\t.bdp_blog_template.timeline:nth-child(2n) .post_content_wrap:before,\n\t.bdp_blog_template.timeline:nth-child(2n) .post_content_wrap:after {\n\t\tborder-right: 8px solid #ffffff;\n\t}\n\t.rtl .bdp_blog_template.timeline:nth-child(2n) .post_content_wrap:before,\n\t.rtl .bdp_blog_template.timeline:nth-child(2n) .post_content_wrap:after {\n\t\tborder-left: 8px solid #ffffff;\n\t}\n\t.post_content_wrap {\n\t\tborder:1px solid #ffffff;\n\t}\n\t.bdp_blog_template .post_content_wrap .blog_footer {\n\t\tborder-top: 1px solid #ffffff ;\n\t}\n\t.bdp_blog_template .post-icon {\n\t\tbackground:#ffffff;\t}\n\t.bdp_blog_template.timeline .desc h3 a{\n\t\tcolor: #666666 !important;\t\tbackground:#ffffff !important;\t\tfont-size: 37px;\t}\n\n\t\/*media query*\/\n\t@media screen and (max-width: 991px) {\n\t\t.bdp_blog_template.timeline:nth-child(2n+1) .post_content_wrap:before,\n\t\t.bdp_blog_template.timeline:nth-child(2n+1) .post_content_wrap:after {\n\t\t\tborder-right: 8px solid #ffffff;\n\t\t}\n\t}\n\t\/**\n\t * 9.0 - News Template\n\t *\/\n\t\t\t.bdp_blog_template.news .bd-blog-header h2.title a{\n\t\t\tcolor: #666666;\t\t\tfont-size: 37px;\t\t}\n\t\t\/* .blog_template.boxy-clean .blog_header h2, *\/\n\t.bdp_blog_template.news .bd-blog-header h2.title{\n\t\tbackground: #ffffff\t}\n\t.bdp_blog_template.news {\n\t\tbackground-color: #ffffff\t}\n\t.bdp_blog_template.news a.bd-more-tag{\n\t\tfloat: right !important;\n\t}\n\t.blog_template.boxy-clean ul li:hover,\n\t.blog_template.boxy-clean ul li:hover .blog_header h2 {\n\t\tbackground: ;\n\t}\n\t.glossary .post_content-inner {\n\t\tborder-color: #ffffff;\t}\n\t.blog_template.boxy-clean .blog_wrap.bdp_blog_template .author {\n\t\tbackground: #ffffff;\t}\n\t\/** 10.0 - Sallet Template *\/\n\t.bdp_blog_template.sallet_slider .blog_header > div > div > div {\n\t\tbackground: #ffffff;\t}\n\t.bdp_blog_template.sallet_slider .blog_header > div > div > div::before {\n\t\tbackground: #ffffff none repeat scroll 0 0;\t}\n\t.bdp_blog_template.sallet_slider.right {\n\t\tbackground: #ffffff ;\t}\n\t.blog_template.sallet_slider .category-link a {\n\t\tbackground: #ffffff ;\t\tcolor: #fff !important;\n\t}\n\t\/** 11.0 - Media Grid Template *\/\n\t.bdp_blog_template.media-grid .blog_header h2 a {\n\t\tbackground: #ffffff\t}\n\t.bdp_blog_template.media-grid .bd-metacats {\n\t\tbackground: #ffffff\t}\n\n\t.bdp_blog_template.media-grid .bd-metacats:hover{\n\t\t\t}\n\n\t.bdp_blog_template.media-grid .post-meta .postdate {\n\t\tfont-size: 26px\t}\n\t\/** 12.0 - Crayon Slider Template *\/\n\t\t\t\/** 13.0 - Blog Carousel Template *\/\n\tli.blog_template.bdp_blog_template.blog_carousel {\n\t\tbackground: #ffffff\t}\n\t.blog_template.blog_carousel .blog_header:hover {\n\t\t}\n\t\/** 14.0 - Blog-Grid-Box Template *\/\n\t.blog_template.blog-grid-box .bd-more-next-line a {\n\t\tbackground: #ffffff;\t\tcolor: #dd3333\t}\n\t.blog_template.blog-grid-box .post-comment a,\n\t.blog_template.blog-grid-box .mauthor .author a,\n\t.blog_template.blog-grid-box .bd-metacats a,\n\t.blog_template.blog-grid-box .mdate a {\n\t\tcolor: #2a97ea\t}\n\t.blog_template.blog-grid-box .post-comment a:hover,\n\t.blog_template.blog-grid-box .mauthor .author a:hover,\n\t.blog_template.blog-grid-box .bd-metacats a:hover,\n\t.blog_template.blog-grid-box .mdate a:hover {\n\t\tcolor: #dd3333\t}\n\t.blog_template.blog-grid-box .post_title a {\n\t\tcolor: #666666;background: #ffffff;font-size: 37px\t}\n\t.blog_template.blog-grid-box .post_content {\n\t\tcolor: #000000;font-size: 26px\t}\n\t.blog_template.blog-grid-box {\n\t\tbackground: #ffffff\t}\n\n\t\/** 15.0 - Ticker Template *\/\n\t#blog-ticker-style-1 {\n\t\tborder-color: #ffffff\t}\n\t#blog-ticker-style-1 .ticker-title {\n\t\tbackground-color: #ffffff\t}\n\t#blog-ticker-style-1 .ticker-style-title {\n\t\t\t}\n\t#blog-ticker-style-1 .ticker-title>span {\n\t\tborder-color: transparent transparent transparent#ffffff\t}\n\t#blog-ticker-style-1 .blog-tickers a:hover {\n\t\tcolor: #ffffff\t}\n\t#blog-ticker-style-1 .blog-tickers a {\n\t\tcolor: #666666\t}\n\t.more-link {\r\ndisplay: none;\r\n}<\/style>\n<div class=\"bdp_wrapper\">\t\t<div class=\"blog_template bdp_blog_template news \">\n\t\t\t\t\t\t\t<div class=\"bd-post-image\">\n\t\t\t\t\t<a href=\"https:\/\/www.micheleguilloteau.fr\/en\/galerie-bleu-ocean-guerande-jours-douverture-et-horaires\/\"><img width=\"591\" height=\"593\" src=\"https:\/\/i0.wp.com\/www.micheleguilloteau.fr\/wp-content\/uploads\/2023\/02\/Surfeuse-2023_signature_80x80_2.jpg?fit=591%2C593&amp;ssl=1\" class=\"attachment-full size-full wp-post-image\" alt=\"\" decoding=\"async\" loading=\"lazy\" srcset=\"https:\/\/i0.wp.com\/www.micheleguilloteau.fr\/wp-content\/uploads\/2023\/02\/Surfeuse-2023_signature_80x80_2.jpg?w=591&amp;ssl=1 591w, https:\/\/i0.wp.com\/www.micheleguilloteau.fr\/wp-content\/uploads\/2023\/02\/Surfeuse-2023_signature_80x80_2.jpg?resize=300%2C300&amp;ssl=1 300w, https:\/\/i0.wp.com\/www.micheleguilloteau.fr\/wp-content\/uploads\/2023\/02\/Surfeuse-2023_signature_80x80_2.jpg?resize=150%2C150&amp;ssl=1 150w\" sizes=\"(max-width: 591px) 100vw, 591px\" \/><\/a>\n\t\t\t\t<\/div>\n\t\t\t\t\t\t\t<div class=\"post-content-div\">\n\t\t\t\t<div class=\"bd-blog-header\">\n\t\t\t\t\t<h2 class=\"title\"><a href=\"https:\/\/www.micheleguilloteau.fr\/en\/galerie-bleu-ocean-guerande-jours-douverture-et-horaires\/\"><span>Galerie Bleu Oc\u00e9an &#8211; Gu\u00e9rande (Jours d&#8217;ouverture et horaires)<\/span><\/a><\/h2>\n\t\t\t\t\t\t\t\t\t<\/div>\n\t\t\t\t<div class=\"bd-post-content\">\n\t\t\t\t\tSurfeuse 80&#215;80 L&#8217; Atelier Galerie Bleu Oc\u00e9an \u00e0 ouvert ses portes \u00e0 Gu\u00e9rande pour sa 4eme saison d\u00e9j\u00e0 !! Que du bonheur de retrouver maintenant chaque ann\u00e9e des clients fid\u00e8les, curieux de d\u00e9couvrir les nouveaut\u00e9s<a class=\"bd-more-tag-inline\" href=\"https:\/\/www.micheleguilloteau.fr\/en\/galerie-bleu-ocean-guerande-jours-douverture-et-horaires\/\">... <\/a>\t\t\t\t<\/div>\n\t\t\t\t\t\t\t\t<div class=\"bd-post-footer\">\n\t\t\t\t\t\t\t\t\t\t\t\t\t\t<\/div><\/div><\/div>\n\t\t\t\t<div class=\"blog_template bdp_blog_template news \">\n\t\t\t\t\t\t\t<div class=\"bd-post-image\">\n\t\t\t\t\t<a href=\"https:\/\/www.micheleguilloteau.fr\/en\/salon-dart-contemporain-art3f-nantes-du-10-au-12-mars-2023\/\"><img width=\"526\" height=\"395\" src=\"https:\/\/i0.wp.com\/www.micheleguilloteau.fr\/wp-content\/uploads\/2023\/02\/314454445_6301519024329_9097434213069334501_n.jpg?fit=526%2C395&amp;ssl=1\" class=\"attachment-full size-full wp-post-image\" alt=\"\" decoding=\"async\" loading=\"lazy\" srcset=\"https:\/\/i0.wp.com\/www.micheleguilloteau.fr\/wp-content\/uploads\/2023\/02\/314454445_6301519024329_9097434213069334501_n.jpg?w=526&amp;ssl=1 526w, https:\/\/i0.wp.com\/www.micheleguilloteau.fr\/wp-content\/uploads\/2023\/02\/314454445_6301519024329_9097434213069334501_n.jpg?resize=300%2C225&amp;ssl=1 300w\" sizes=\"(max-width: 526px) 100vw, 526px\" \/><\/a>\n\t\t\t\t<\/div>\n\t\t\t\t\t\t\t<div class=\"post-content-div\">\n\t\t\t\t<div class=\"bd-blog-header\">\n\t\t\t\t\t<h2 class=\"title\"><a href=\"https:\/\/www.micheleguilloteau.fr\/en\/salon-dart-contemporain-art3f-nantes-du-10-au-12-mars-2023\/\"><span>Salon d&#8217;Art Contemporain ART3F Nantes &#8211; du 10 au 12 mars 2023<\/span><\/a><\/h2>\n\t\t\t\t\t\t\t\t\t<\/div>\n\t\t\t\t<div class=\"bd-post-content\">\n\t\t\t\t\tJe suis tr\u00e8s heureuse de participer \u00e0 nouveau \u00e0 ce tr\u00e8s beau salon rassemblant environ 200 artistes de la France enti\u00e8re. Il aura lieu du 10 au 12 mars 2023 au Palais des Congr\u00e8s de<a class=\"bd-more-tag-inline\" href=\"https:\/\/www.micheleguilloteau.fr\/en\/salon-dart-contemporain-art3f-nantes-du-10-au-12-mars-2023\/\">... <\/a>\t\t\t\t<\/div>\n\t\t\t\t\t\t\t\t<div class=\"bd-post-footer\">\n\t\t\t\t\t\t\t\t\t\t\t\t\t\t<\/div><\/div><\/div>\n\t\t\t\t<div class=\"blog_template bdp_blog_template news \">\n\t\t\t\t\t\t\t<div class=\"bd-post-image\">\n\t\t\t\t\t<a href=\"https:\/\/www.micheleguilloteau.fr\/en\/galerie-bleu-ocean-guerande\/\"><img width=\"1181\" height=\"787\" src=\"https:\/\/i0.wp.com\/www.micheleguilloteau.fr\/wp-content\/uploads\/2022\/03\/Ocean-dans-mes-reves_diam_50cm_2022_2.jpg?fit=1181%2C787&amp;ssl=1\" class=\"attachment-full size-full wp-post-image\" alt=\"\" decoding=\"async\" loading=\"lazy\" srcset=\"https:\/\/i0.wp.com\/www.micheleguilloteau.fr\/wp-content\/uploads\/2022\/03\/Ocean-dans-mes-reves_diam_50cm_2022_2.jpg?w=1181&amp;ssl=1 1181w, https:\/\/i0.wp.com\/www.micheleguilloteau.fr\/wp-content\/uploads\/2022\/03\/Ocean-dans-mes-reves_diam_50cm_2022_2.jpg?resize=300%2C200&amp;ssl=1 300w, https:\/\/i0.wp.com\/www.micheleguilloteau.fr\/wp-content\/uploads\/2022\/03\/Ocean-dans-mes-reves_diam_50cm_2022_2.jpg?resize=768%2C512&amp;ssl=1 768w\" sizes=\"(max-width: 1160px) 100vw, 1160px\" \/><\/a>\n\t\t\t\t<\/div>\n\t\t\t\t\t\t\t<div class=\"post-content-div\">\n\t\t\t\t<div class=\"bd-blog-header\">\n\t\t\t\t\t<h2 class=\"title\"><a href=\"https:\/\/www.micheleguilloteau.fr\/en\/galerie-bleu-ocean-guerande\/\"><span>Galerie BLEU OC\u00c9AN &#8211; GUERANDE<\/span><\/a><\/h2>\n\t\t\t\t\t\t\t\t\t<\/div>\n\t\t\t\t<div class=\"bd-post-content\">\n\t\t\t\t\tMa 3eme saison \u00e0 la Galerie Bleu Oc\u00e9an a d\u00e9but\u00e9 le 9 avril 2022. Vous pourrez me rencontrer et d\u00e9couvrir mes tableaux sur le th\u00e8me de l&#8217;oc\u00e9an mais aussi d&#8217;anciennes s\u00e9ries (encre de chine, urbain&#8230;)<a class=\"bd-more-tag-inline\" href=\"https:\/\/www.micheleguilloteau.fr\/en\/galerie-bleu-ocean-guerande\/\">... <\/a>\t\t\t\t<\/div>\n\t\t\t\t\t\t\t\t<div class=\"bd-post-footer\">\n\t\t\t\t\t\t\t\t\t\t\t\t\t\t<\/div><\/div><\/div>\n\t\t\t\t<div class=\"blog_template bdp_blog_template news \">\n\t\t\t\t\t\t\t<div class=\"bd-post-image\">\n\t\t\t\t\t<a href=\"https:\/\/www.micheleguilloteau.fr\/en\/du-11-au-13-mars-2022-art3f-nantes-votre-invitation-gratuite-ici\/\"><img width=\"720\" height=\"540\" src=\"https:\/\/i0.wp.com\/www.micheleguilloteau.fr\/wp-content\/uploads\/2022\/02\/Affiche-Art3F-Nantes-2022.jpg?fit=720%2C540&amp;ssl=1\" class=\"attachment-full size-full wp-post-image\" alt=\"\" decoding=\"async\" loading=\"lazy\" srcset=\"https:\/\/i0.wp.com\/www.micheleguilloteau.fr\/wp-content\/uploads\/2022\/02\/Affiche-Art3F-Nantes-2022.jpg?w=720&amp;ssl=1 720w, https:\/\/i0.wp.com\/www.micheleguilloteau.fr\/wp-content\/uploads\/2022\/02\/Affiche-Art3F-Nantes-2022.jpg?resize=300%2C225&amp;ssl=1 300w\" sizes=\"(max-width: 720px) 100vw, 720px\" \/><\/a>\n\t\t\t\t<\/div>\n\t\t\t\t\t\t\t<div class=\"post-content-div\">\n\t\t\t\t<div class=\"bd-blog-header\">\n\t\t\t\t\t<h2 class=\"title\"><a href=\"https:\/\/www.micheleguilloteau.fr\/en\/du-11-au-13-mars-2022-art3f-nantes-votre-invitation-gratuite-ici\/\"><span>Du 11 au 13 mars 2022 ART3F Nantes &#8211; STAND B04 !!   Votre invitation gratuite ici<\/span><\/a><\/h2>\n\t\t\t\t\t\t\t\t\t<\/div>\n\t\t\t\t<div class=\"bd-post-content\">\n\t\t\t\t\tCe sera un grand plaisir de vous accueillir sur le STAND B04 au salon d&#8217;Art Contemporain ART3F Nantes du 11 au 13 mars 2022 Vous pouvez t\u00e9l\u00e9chargez des invitations gratuites en cliquant sur Invitations gratuites<a class=\"bd-more-tag-inline\" href=\"https:\/\/www.micheleguilloteau.fr\/en\/du-11-au-13-mars-2022-art3f-nantes-votre-invitation-gratuite-ici\/\">... <\/a>\t\t\t\t<\/div>\n\t\t\t\t\t\t\t\t<div class=\"bd-post-footer\">\n\t\t\t\t\t\t\t\t\t\t\t\t\t\t<\/div><\/div><\/div>\n\t\t\t\t<div class=\"blog_template bdp_blog_template news \">\n\t\t\t\t\t\t\t<div class=\"bd-post-image\">\n\t\t\t\t\t<a href=\"https:\/\/www.micheleguilloteau.fr\/en\/quelques-photos-de-lexpo-a-la-galerie-mage-a-toulouse-15-20-novembre\/\"><img width=\"1040\" height=\"2080\" src=\"https:\/\/i0.wp.com\/www.micheleguilloteau.fr\/wp-content\/uploads\/2021\/11\/20211114_171553_HDR_resized-rotated.jpg?fit=1040%2C2080&amp;ssl=1\" class=\"attachment-full size-full wp-post-image\" alt=\"\" decoding=\"async\" loading=\"lazy\" srcset=\"https:\/\/i0.wp.com\/www.micheleguilloteau.fr\/wp-content\/uploads\/2021\/11\/20211114_171553_HDR_resized-rotated.jpg?w=1040&amp;ssl=1 1040w, https:\/\/i0.wp.com\/www.micheleguilloteau.fr\/wp-content\/uploads\/2021\/11\/20211114_171553_HDR_resized-rotated.jpg?resize=150%2C300&amp;ssl=1 150w, https:\/\/i0.wp.com\/www.micheleguilloteau.fr\/wp-content\/uploads\/2021\/11\/20211114_171553_HDR_resized-rotated.jpg?resize=1000%2C2000&amp;ssl=1 1000w, https:\/\/i0.wp.com\/www.micheleguilloteau.fr\/wp-content\/uploads\/2021\/11\/20211114_171553_HDR_resized-rotated.jpg?resize=768%2C1536&amp;ssl=1 768w, https:\/\/i0.wp.com\/www.micheleguilloteau.fr\/wp-content\/uploads\/2021\/11\/20211114_171553_HDR_resized-rotated.jpg?resize=1024%2C2048&amp;ssl=1 1024w\" sizes=\"(max-width: 1040px) 100vw, 1040px\" \/><\/a>\n\t\t\t\t<\/div>\n\t\t\t\t\t\t\t<div class=\"post-content-div\">\n\t\t\t\t<div class=\"bd-blog-header\">\n\t\t\t\t\t<h2 class=\"title\"><a href=\"https:\/\/www.micheleguilloteau.fr\/en\/quelques-photos-de-lexpo-a-la-galerie-mage-a-toulouse-15-20-novembre\/\"><span>Quelques photos de l&#8217;exposition \u00e0 la Galerie Mage \u00e0 Toulouse (15-20 novembre)<\/span><\/a><\/h2>\n\t\t\t\t\t\t\t\t\t<\/div>\n\t\t\t\t<div class=\"bd-post-content\">\n\t\t\t\t\tPour revoir l&#8217;expo ou trop loin pour la d\u00e9couvrir, voici quelques photos. Sculptures, Sandrine Sueres et Peintures, Michele Guilloteau. Tous les jours de 11h \u00e0 19h \u00e0 la Galerie Mage, 30 place Mage \u00e0 Toulouse.<a class=\"bd-more-tag-inline\" href=\"https:\/\/www.micheleguilloteau.fr\/en\/quelques-photos-de-lexpo-a-la-galerie-mage-a-toulouse-15-20-novembre\/\">... <\/a>\t\t\t\t<\/div>\n\t\t\t\t\t\t\t\t<div class=\"bd-post-footer\">\n\t\t\t\t\t\t\t\t\t\t\t\t\t\t<\/div><\/div><\/div>\n\t\t\t\t<div class=\"blog_template bdp_blog_template news \">\n\t\t\t\t\t\t\t<div class=\"bd-post-image\">\n\t\t\t\t\t<a href=\"https:\/\/www.micheleguilloteau.fr\/en\/galerie-mage-a-toulouse-du-15-au-20-novembre-2021\/\"><img width=\"2766\" height=\"1560\" src=\"https:\/\/i0.wp.com\/www.micheleguilloteau.fr\/wp-content\/uploads\/2019\/11\/20191117_161634_HDR2_resized.jpg?fit=2766%2C1560&amp;ssl=1\" class=\"attachment-full size-full wp-post-image\" alt=\"\" decoding=\"async\" loading=\"lazy\" srcset=\"https:\/\/i0.wp.com\/www.micheleguilloteau.fr\/wp-content\/uploads\/2019\/11\/20191117_161634_HDR2_resized.jpg?w=2766&amp;ssl=1 2766w, https:\/\/i0.wp.com\/www.micheleguilloteau.fr\/wp-content\/uploads\/2019\/11\/20191117_161634_HDR2_resized.jpg?resize=300%2C169&amp;ssl=1 300w, https:\/\/i0.wp.com\/www.micheleguilloteau.fr\/wp-content\/uploads\/2019\/11\/20191117_161634_HDR2_resized.jpg?resize=768%2C433&amp;ssl=1 768w, https:\/\/i0.wp.com\/www.micheleguilloteau.fr\/wp-content\/uploads\/2019\/11\/20191117_161634_HDR2_resized.jpg?resize=2000%2C1128&amp;ssl=1 2000w, https:\/\/i0.wp.com\/www.micheleguilloteau.fr\/wp-content\/uploads\/2019\/11\/20191117_161634_HDR2_resized.jpg?resize=600%2C338&amp;ssl=1 600w, https:\/\/i0.wp.com\/www.micheleguilloteau.fr\/wp-content\/uploads\/2019\/11\/20191117_161634_HDR2_resized.jpg?w=2320&amp;ssl=1 2320w\" sizes=\"(max-width: 1160px) 100vw, 1160px\" \/><\/a>\n\t\t\t\t<\/div>\n\t\t\t\t\t\t\t<div class=\"post-content-div\">\n\t\t\t\t<div class=\"bd-blog-header\">\n\t\t\t\t\t<h2 class=\"title\"><a href=\"https:\/\/www.micheleguilloteau.fr\/en\/galerie-mage-a-toulouse-du-15-au-20-novembre-2021\/\"><span>Galerie Mage \u00e0 Toulouse du 15 au 20 novembre 2021<\/span><\/a><\/h2>\n\t\t\t\t\t\t\t\t\t<\/div>\n\t\t\t\t<div class=\"bd-post-content\">\n\t\t\t\t\tDerni\u00e8re exposition de l&#8217;ann\u00e9e \u00e0 Toulouse \u00e0 la Galerie Mage avec mon amie c\u00e9ramiste sandrine Sueres du 15 au 20 novembre 2021. Derni\u00e8re minute : La Galerie ouvrira le dimanche 14 novembre de 15h \u00e0<a class=\"bd-more-tag-inline\" href=\"https:\/\/www.micheleguilloteau.fr\/en\/galerie-mage-a-toulouse-du-15-au-20-novembre-2021\/\">... <\/a>\t\t\t\t<\/div>\n\t\t\t\t\t\t\t\t<div class=\"bd-post-footer\">\n\t\t\t\t\t\t\t\t\t\t\t\t\t\t<\/div><\/div><\/div>\n\t\t\t\t<div class=\"blog_template bdp_blog_template news \">\n\t\t\t\t\t\t<div class=\"post-content-div full_with_class\">\n\t\t\t\t<div class=\"bd-blog-header\">\n\t\t\t\t\t<h2 class=\"title\"><a href=\"https:\/\/www.micheleguilloteau.fr\/en\/annulation-et-report-du-salon-dart-contemporain-art3f-nantes-au-1112-et-13-mars-2022-pour-la-4eme-fois\/\"><span>Annulation et report du salon d&#8217;Art Contemporain Art3F Nantes au 11,12 et 13 mars 2022 pour la 4eme fois !<\/span><\/a><\/h2>\n\t\t\t\t\t\t\t\t\t<\/div>\n\t\t\t\t<div class=\"bd-post-content\">\n\t\t\t\t\tJe suis vraiment d\u00e9sol\u00e9e pour toutes les personnes qui attendaient cet \u00e9v\u00e9nement avec impatience. Voil\u00e0, 2 gros salons en m\u00eame temps et dans le m\u00eame hall ! D&#8217; o\u00f9 le refus d&#8217;accorder \u00e0 Art3F l&#8217;ouverture<a class=\"bd-more-tag-inline\" href=\"https:\/\/www.micheleguilloteau.fr\/en\/annulation-et-report-du-salon-dart-contemporain-art3f-nantes-au-1112-et-13-mars-2022-pour-la-4eme-fois\/\">... <\/a>\t\t\t\t<\/div>\n\t\t\t\t\t\t\t\t<div class=\"bd-post-footer\">\n\t\t\t\t\t\t\t\t\t\t\t\t\t\t<\/div><\/div><\/div>\n\t\t\t\t<div class=\"blog_template bdp_blog_template news \">\n\t\t\t\t\t\t\t<div class=\"bd-post-image\">\n\t\t\t\t\t<a href=\"https:\/\/www.micheleguilloteau.fr\/en\/galerie-ouverte-jusquau-19-septembre-2021\/\"><img width=\"1080\" height=\"1350\" src=\"https:\/\/i0.wp.com\/www.micheleguilloteau.fr\/wp-content\/uploads\/2021\/07\/thumbnail-3.jpg?fit=1080%2C1350&amp;ssl=1\" class=\"attachment-full size-full wp-post-image\" alt=\"\" decoding=\"async\" loading=\"lazy\" srcset=\"https:\/\/i0.wp.com\/www.micheleguilloteau.fr\/wp-content\/uploads\/2021\/07\/thumbnail-3.jpg?w=1080&amp;ssl=1 1080w, https:\/\/i0.wp.com\/www.micheleguilloteau.fr\/wp-content\/uploads\/2021\/07\/thumbnail-3.jpg?resize=240%2C300&amp;ssl=1 240w, https:\/\/i0.wp.com\/www.micheleguilloteau.fr\/wp-content\/uploads\/2021\/07\/thumbnail-3.jpg?resize=768%2C960&amp;ssl=1 768w\" sizes=\"(max-width: 1080px) 100vw, 1080px\" \/><\/a>\n\t\t\t\t<\/div>\n\t\t\t\t\t\t\t<div class=\"post-content-div\">\n\t\t\t\t<div class=\"bd-blog-header\">\n\t\t\t\t\t<h2 class=\"title\"><a href=\"https:\/\/www.micheleguilloteau.fr\/en\/galerie-ouverte-jusquau-19-septembre-2021\/\"><span>Galerie ouverte jusqu&#8217;au 19 septembre 2021 !! Horaires et photos ici.<\/span><\/a><\/h2>\n\t\t\t\t\t\t\t\t\t<\/div>\n\t\t\t\t<div class=\"bd-post-content\">\n\t\t\t\t\tEn septembre, fermeture tous les lundis. Si vous faites un petit tour \u00e0 Gu\u00e9rande, profitez du calme des petites ruelles et venez d\u00e9couvrir mes oeuvres dans l&#8217;Atelier Galerie Bleu Oc\u00e9an \u00e0 Gu\u00e9rande intra-muros ouvert tous<a class=\"bd-more-tag-inline\" href=\"https:\/\/www.micheleguilloteau.fr\/en\/galerie-ouverte-jusquau-19-septembre-2021\/\">... <\/a>\t\t\t\t<\/div>\n\t\t\t\t\t\t\t\t<div class=\"bd-post-footer\">\n\t\t\t\t\t\t\t\t\t\t\t\t\t\t<\/div><\/div><\/div>\n\t\t\t\t<div class=\"blog_template bdp_blog_template news \">\n\t\t\t\t\t\t\t<div class=\"bd-post-image\">\n\t\t\t\t\t<a href=\"https:\/\/www.micheleguilloteau.fr\/en\/oeuvres-bientot-disponibles-a-guerande-ou-envoi-en-france\/\"><img width=\"2050\" height=\"979\" src=\"https:\/\/i0.wp.com\/www.micheleguilloteau.fr\/wp-content\/uploads\/2021\/04\/20210228_115724_HDR_resized18950.jpg?fit=2050%2C979&amp;ssl=1\" class=\"attachment-full size-full wp-post-image\" alt=\"\" decoding=\"async\" loading=\"lazy\" srcset=\"https:\/\/i0.wp.com\/www.micheleguilloteau.fr\/wp-content\/uploads\/2021\/04\/20210228_115724_HDR_resized18950.jpg?w=2050&amp;ssl=1 2050w, https:\/\/i0.wp.com\/www.micheleguilloteau.fr\/wp-content\/uploads\/2021\/04\/20210228_115724_HDR_resized18950.jpg?resize=300%2C143&amp;ssl=1 300w, https:\/\/i0.wp.com\/www.micheleguilloteau.fr\/wp-content\/uploads\/2021\/04\/20210228_115724_HDR_resized18950.jpg?resize=2000%2C955&amp;ssl=1 2000w, https:\/\/i0.wp.com\/www.micheleguilloteau.fr\/wp-content\/uploads\/2021\/04\/20210228_115724_HDR_resized18950.jpg?resize=768%2C367&amp;ssl=1 768w, https:\/\/i0.wp.com\/www.micheleguilloteau.fr\/wp-content\/uploads\/2021\/04\/20210228_115724_HDR_resized18950.jpg?resize=1536%2C734&amp;ssl=1 1536w, https:\/\/i0.wp.com\/www.micheleguilloteau.fr\/wp-content\/uploads\/2021\/04\/20210228_115724_HDR_resized18950.jpg?resize=2048%2C978&amp;ssl=1 2048w\" sizes=\"(max-width: 1160px) 100vw, 1160px\" \/><\/a>\n\t\t\t\t<\/div>\n\t\t\t\t\t\t\t<div class=\"post-content-div\">\n\t\t\t\t<div class=\"bd-blog-header\">\n\t\t\t\t\t<h2 class=\"title\"><a href=\"https:\/\/www.micheleguilloteau.fr\/en\/oeuvres-bientot-disponibles-a-guerande-ou-envoi-en-france\/\"><span>Ouverture de la Galerie Bleu Oc\u00e9an \u00e0 GUERANDE le mercredi 19 mai 2021 !! Enfin !!!!<\/span><\/a><\/h2>\n\t\t\t\t\t\t\t\t\t<\/div>\n\t\t\t\t<div class=\"bd-post-content\">\n\t\t\t\t\tNous attendions cette date avec impatience ! Voil\u00e0, le 19 mai, c&#8217;est bient\u00f4t ! J&#8217;aurais le grand plaisir de vous retrouver \u00e0 l&#8217;Atelier Galerie Bleu Oc\u00e9an \u00e0 Gu\u00e9rande (44) au 5 Rue du Vieux March\u00e9<a class=\"bd-more-tag-inline\" href=\"https:\/\/www.micheleguilloteau.fr\/en\/oeuvres-bientot-disponibles-a-guerande-ou-envoi-en-france\/\">... <\/a>\t\t\t\t<\/div>\n\t\t\t\t\t\t\t\t<div class=\"bd-post-footer\">\n\t\t\t\t\t\t\t\t\t\t\t\t\t\t<\/div><\/div><\/div>\n\t\t\t\t<div class=\"blog_template bdp_blog_template news \">\n\t\t\t\t\t\t\t<div class=\"bd-post-image\">\n\t\t\t\t\t<a href=\"https:\/\/www.micheleguilloteau.fr\/en\/prochaine-ouverture-du-17-octobre-au-03-novembre-de-la-galerie-bleu-ocean-a-guerande\/\"><img width=\"2080\" height=\"2498\" src=\"https:\/\/i0.wp.com\/www.micheleguilloteau.fr\/wp-content\/uploads\/2020\/05\/20200726_143247_HDR2.jpg?fit=2080%2C2498&amp;ssl=1\" class=\"attachment-full size-full wp-post-image\" alt=\"\" decoding=\"async\" loading=\"lazy\" srcset=\"https:\/\/i0.wp.com\/www.micheleguilloteau.fr\/wp-content\/uploads\/2020\/05\/20200726_143247_HDR2.jpg?w=2080&amp;ssl=1 2080w, https:\/\/i0.wp.com\/www.micheleguilloteau.fr\/wp-content\/uploads\/2020\/05\/20200726_143247_HDR2.jpg?resize=250%2C300&amp;ssl=1 250w, https:\/\/i0.wp.com\/www.micheleguilloteau.fr\/wp-content\/uploads\/2020\/05\/20200726_143247_HDR2.jpg?resize=1665%2C2000&amp;ssl=1 1665w, https:\/\/i0.wp.com\/www.micheleguilloteau.fr\/wp-content\/uploads\/2020\/05\/20200726_143247_HDR2.jpg?resize=768%2C922&amp;ssl=1 768w, https:\/\/i0.wp.com\/www.micheleguilloteau.fr\/wp-content\/uploads\/2020\/05\/20200726_143247_HDR2.jpg?resize=1279%2C1536&amp;ssl=1 1279w, https:\/\/i0.wp.com\/www.micheleguilloteau.fr\/wp-content\/uploads\/2020\/05\/20200726_143247_HDR2.jpg?resize=1705%2C2048&amp;ssl=1 1705w, https:\/\/i0.wp.com\/www.micheleguilloteau.fr\/wp-content\/uploads\/2020\/05\/20200726_143247_HDR2.jpg?resize=600%2C721&amp;ssl=1 600w\" sizes=\"(max-width: 1160px) 100vw, 1160px\" \/><\/a>\n\t\t\t\t<\/div>\n\t\t\t\t\t\t\t<div class=\"post-content-div\">\n\t\t\t\t<div class=\"bd-blog-header\">\n\t\t\t\t\t<h2 class=\"title\"><a href=\"https:\/\/www.micheleguilloteau.fr\/en\/prochaine-ouverture-du-17-octobre-au-03-novembre-de-la-galerie-bleu-ocean-a-guerande\/\"><span>Ouvert du 17 octobre au 01 novembre Galerie Bleu Oc\u00e9an \u00e0 Gu\u00e9rande &#8211; MAJ dans cet article.<\/span><\/a><\/h2>\n\t\t\t\t\t\t\t\t\t<\/div>\n\t\t\t\t<div class=\"bd-post-content\">\n\t\t\t\t\tL&#8217;Atelier Galerie sera ouvert pendant les vacances de la Toussaint tous les jours de 11h \u00e0 13h et de 14h00 \u00e0 18h30. V\u00e9rifier tout de m\u00eame sur ce site en cas o\u00f9&#8230; En dehors de<a class=\"bd-more-tag-inline\" href=\"https:\/\/www.micheleguilloteau.fr\/en\/prochaine-ouverture-du-17-octobre-au-03-novembre-de-la-galerie-bleu-ocean-a-guerande\/\">... <\/a>\t\t\t\t<\/div>\n\t\t\t\t\t\t\t\t<div class=\"bd-post-footer\">\n\t\t\t\t\t\t\t\t\t\t\t\t\t\t<\/div><\/div><\/div>\n\t\t<div class=\"wl_pagination_box bd_pagination_box  news\"><nav class=\"navigation paging-navigation\" role=\"navigation\"><ul class='page-numbers'>\n\t<li><span aria-current=\"page\" class=\"page-numbers current\">1<\/span><\/li>\n\t<li><a class=\"page-numbers\" href=\"https:\/\/www.micheleguilloteau.fr\/en\/wp-json\/wp\/v2\/pages\/1662\/page\/2\/\">2<\/a><\/li>\n\t<li><span class=\"page-numbers dots\">&hellip;<\/span><\/li>\n\t<li><a class=\"page-numbers\" href=\"https:\/\/www.micheleguilloteau.fr\/en\/wp-json\/wp\/v2\/pages\/1662\/page\/4\/\">4<\/a><\/li>\n\t<li><a class=\"next page-numbers\" href=\"https:\/\/www.micheleguilloteau.fr\/en\/wp-json\/wp\/v2\/pages\/1662\/page\/2\/\">Next &rarr;<\/a><\/li>\n<\/ul>\n<\/nav><\/div><\/div>\n","protected":false},"excerpt":{"rendered":"","protected":false},"author":1,"featured_media":0,"parent":0,"menu_order":0,"comment_status":"closed","ping_status":"closed","template":"","meta":{"ngg_post_thumbnail":0,"jetpack_post_was_ever_published":false},"yoast_head":"<!-- This site is optimized with the Yoast SEO plugin v21.8.1 - https:\/\/yoast.com\/wordpress\/plugins\/seo\/ -->\n<title>BLOG - Michele Guilloteau<\/title>\n<meta name=\"robots\" content=\"index, follow, max-snippet:-1, max-image-preview:large, max-video-preview:-1\" \/>\n<link rel=\"canonical\" href=\"https:\/\/www.micheleguilloteau.fr\/blog\/\" \/>\n<meta property=\"og:locale\" content=\"en_US\" \/>\n<meta property=\"og:type\" content=\"article\" \/>\n<meta property=\"og:title\" content=\"BLOG - Michele Guilloteau\" \/>\n<meta property=\"og:url\" content=\"https:\/\/www.micheleguilloteau.fr\/blog\/\" \/>\n<meta property=\"og:site_name\" content=\"Michele Guilloteau\" \/>\n<meta property=\"article:publisher\" content=\"https:\/\/www.facebook.com\/micheleguilloteau.skyline\/?ref=bookmarks\" \/>\n<meta property=\"article:modified_time\" content=\"2023-06-03T13:55:20+00:00\" \/>\n<meta name=\"twitter:card\" content=\"summary_large_image\" \/>\n<meta name=\"twitter:site\" content=\"@GuilloteauArt\" \/>\n<script type=\"application\/ld+json\" class=\"yoast-schema-graph\">{\"@context\":\"https:\/\/schema.org\",\"@graph\":[{\"@type\":\"WebPage\",\"@id\":\"https:\/\/www.micheleguilloteau.fr\/blog\/\",\"url\":\"https:\/\/www.micheleguilloteau.fr\/blog\/\",\"name\":\"BLOG - Michele Guilloteau\",\"isPartOf\":{\"@id\":\"https:\/\/www.micheleguilloteau.fr\/#website\"},\"datePublished\":\"2018-01-22T19:18:55+00:00\",\"dateModified\":\"2023-06-03T13:55:20+00:00\",\"breadcrumb\":{\"@id\":\"https:\/\/www.micheleguilloteau.fr\/blog\/#breadcrumb\"},\"inLanguage\":\"en-US\",\"potentialAction\":[{\"@type\":\"ReadAction\",\"target\":[\"https:\/\/www.micheleguilloteau.fr\/blog\/\"]}]},{\"@type\":\"BreadcrumbList\",\"@id\":\"https:\/\/www.micheleguilloteau.fr\/blog\/#breadcrumb\",\"itemListElement\":[{\"@type\":\"ListItem\",\"position\":1,\"name\":\"Accueil\",\"item\":\"https:\/\/www.micheleguilloteau.fr\/\"},{\"@type\":\"ListItem\",\"position\":2,\"name\":\"Actualit\u00e9s\"}]},{\"@type\":\"WebSite\",\"@id\":\"https:\/\/www.micheleguilloteau.fr\/#website\",\"url\":\"https:\/\/www.micheleguilloteau.fr\/\",\"name\":\"Michele Guilloteau\",\"description\":\"La Ligne et la mati\u00e8re avant tout\",\"potentialAction\":[{\"@type\":\"SearchAction\",\"target\":{\"@type\":\"EntryPoint\",\"urlTemplate\":\"https:\/\/www.micheleguilloteau.fr\/?s={search_term_string}\"},\"query-input\":\"required name=search_term_string\"}],\"inLanguage\":\"en-US\"}]}<\/script>\n<!-- \/ Yoast SEO plugin. -->","yoast_head_json":{"title":"BLOG - Michele Guilloteau","robots":{"index":"index","follow":"follow","max-snippet":"max-snippet:-1","max-image-preview":"max-image-preview:large","max-video-preview":"max-video-preview:-1"},"canonical":"https:\/\/www.micheleguilloteau.fr\/blog\/","og_locale":"en_US","og_type":"article","og_title":"BLOG - Michele Guilloteau","og_url":"https:\/\/www.micheleguilloteau.fr\/blog\/","og_site_name":"Michele Guilloteau","article_publisher":"https:\/\/www.facebook.com\/micheleguilloteau.skyline\/?ref=bookmarks","article_modified_time":"2023-06-03T13:55:20+00:00","twitter_card":"summary_large_image","twitter_site":"@GuilloteauArt","schema":{"@context":"https:\/\/schema.org","@graph":[{"@type":"WebPage","@id":"https:\/\/www.micheleguilloteau.fr\/blog\/","url":"https:\/\/www.micheleguilloteau.fr\/blog\/","name":"BLOG - Michele Guilloteau","isPartOf":{"@id":"https:\/\/www.micheleguilloteau.fr\/#website"},"datePublished":"2018-01-22T19:18:55+00:00","dateModified":"2023-06-03T13:55:20+00:00","breadcrumb":{"@id":"https:\/\/www.micheleguilloteau.fr\/blog\/#breadcrumb"},"inLanguage":"en-US","potentialAction":[{"@type":"ReadAction","target":["https:\/\/www.micheleguilloteau.fr\/blog\/"]}]},{"@type":"BreadcrumbList","@id":"https:\/\/www.micheleguilloteau.fr\/blog\/#breadcrumb","itemListElement":[{"@type":"ListItem","position":1,"name":"Accueil","item":"https:\/\/www.micheleguilloteau.fr\/"},{"@type":"ListItem","position":2,"name":"Actualit\u00e9s"}]},{"@type":"WebSite","@id":"https:\/\/www.micheleguilloteau.fr\/#website","url":"https:\/\/www.micheleguilloteau.fr\/","name":"Michele Guilloteau","description":"La Ligne et la mati\u00e8re avant tout","potentialAction":[{"@type":"SearchAction","target":{"@type":"EntryPoint","urlTemplate":"https:\/\/www.micheleguilloteau.fr\/?s={search_term_string}"},"query-input":"required name=search_term_string"}],"inLanguage":"en-US"}]}},"jetpack_shortlink":"https:\/\/wp.me\/P9ke2Y-qO","jetpack_likes_enabled":false,"jetpack_sharing_enabled":true,"_links":{"self":[{"href":"https:\/\/www.micheleguilloteau.fr\/en\/wp-json\/wp\/v2\/pages\/1662"}],"collection":[{"href":"https:\/\/www.micheleguilloteau.fr\/en\/wp-json\/wp\/v2\/pages"}],"about":[{"href":"https:\/\/www.micheleguilloteau.fr\/en\/wp-json\/wp\/v2\/types\/page"}],"author":[{"embeddable":true,"href":"https:\/\/www.micheleguilloteau.fr\/en\/wp-json\/wp\/v2\/users\/1"}],"replies":[{"embeddable":true,"href":"https:\/\/www.micheleguilloteau.fr\/en\/wp-json\/wp\/v2\/comments?post=1662"}],"version-history":[{"count":9,"href":"https:\/\/www.micheleguilloteau.fr\/en\/wp-json\/wp\/v2\/pages\/1662\/revisions"}],"predecessor-version":[{"id":2332,"href":"https:\/\/www.micheleguilloteau.fr\/en\/wp-json\/wp\/v2\/pages\/1662\/revisions\/2332"}],"wp:attachment":[{"href":"https:\/\/www.micheleguilloteau.fr\/en\/wp-json\/wp\/v2\/media?parent=1662"}],"curies":[{"name":"wp","href":"https:\/\/api.w.org\/{rel}","templated":true}]}}